{"id":452,"date":"2025-02-14T14:22:01","date_gmt":"2025-02-14T13:22:01","guid":{"rendered":"https:\/\/monterra.hr\/kontakt\/"},"modified":"2025-03-27T08:43:24","modified_gmt":"2025-03-27T07:43:24","slug":"kontakt","status":"publish","type":"page","link":"https:\/\/monterra.hr\/sl\/kontakt\/","title":{"rendered":"Kontakt"},"content":{"rendered":"\n<div class=\"wp-block-group page intro alignfull position-relative mb-5 mb-md-0\"><div class=\"wp-block-group__inner-container is-layout-constrained wp-block-group-is-layout-constrained\">\n<figure class=\"wp-block-image size-full\"><img loading=\"lazy\" decoding=\"async\" width=\"1728\" height=\"743\" src=\"https:\/\/monterra.hr\/wp-content\/uploads\/2025\/02\/monterra-djelatnici.jpg\" alt=\"\" class=\"wp-image-312\" srcset=\"https:\/\/monterra.hr\/wp-content\/uploads\/2025\/02\/monterra-djelatnici.jpg 1728w, https:\/\/monterra.hr\/wp-content\/uploads\/2025\/02\/monterra-djelatnici-300x129.jpg 300w, https:\/\/monterra.hr\/wp-content\/uploads\/2025\/02\/monterra-djelatnici-1024x440.jpg 1024w, https:\/\/monterra.hr\/wp-content\/uploads\/2025\/02\/monterra-djelatnici-768x330.jpg 768w, https:\/\/monterra.hr\/wp-content\/uploads\/2025\/02\/monterra-djelatnici-1536x660.jpg 1536w\" sizes=\"auto, (max-width: 1728px) 100vw, 1728px\" \/><\/figure>\n\n\n\n<div class=\"wp-block-columns is-layout-flex wp-container-core-columns-is-layout-9d6595d7 wp-block-columns-is-layout-flex\">\n<div class=\"wp-block-column d-flex flex-column justify-content-center has-white-color has-darkgray-background-color has-text-color has-background has-link-color wp-elements-ac3c06109cc00bc20ef596c5e6729cb0 is-layout-flow wp-block-column-is-layout-flow\">\n<h1 class=\"wp-block-heading has-text-align-center mb-4 has-white-color has-text-color has-link-color wp-elements-033b62e92eb685f8a67de058a6c5f4d7\" data-aos=\"fade\" data-aos-delay=\"250\" data-aos-duration=\"500\">Kontakt<\/h1>\n\n\n\n<p class=\"has-text-align-center has-white-color has-text-color has-link-color wp-elements-36bdc642d74abbdacbcc0783258b1125\" data-aos=\"fade\" data-aos-delay=\"250\" data-aos-duration=\"500\">Imate dodatno pitanje ili \u017eelite saznati vi\u0161e o na\u0161im uslugama?<\/p>\n\n\n\n<p class=\"has-text-align-center has-white-color has-text-color has-link-color wp-elements-48bd84964c8d6d6a96b1b52ac944f858\" data-aos=\"fade\" data-aos-delay=\"250\" data-aos-duration=\"500\">Kontaktirajte nas ve\u0107 sada!<\/p>\n<\/div>\n<\/div>\n<\/div><\/div>\n\n<div class=\"wp-block-columns w-xxl-80 mx-auto gap-5 contact-info my-5 py-lg-5 is-layout-flex wp-container-core-columns-is-layout-9d6595d7 wp-block-columns-is-layout-flex\" data-aos=\"fade-up\" data-aos-delay=\"250\" data-aos-duration=\"500\">\n<div class=\"wp-block-column is-layout-flow wp-block-column-is-layout-flow\">\n<h2 class=\"wp-block-heading\">UPRAVA<\/h2>\n\n\n\n<p>Generalni direktor: Dalibor Udovi\u010d, mag.ing.aedif<\/p>\n\n\n\n<p>Prokurist: Kre\u0161imir Kre\u0161i\u0107, dipl.in\u017e.kem.tehn.<\/p>\n\n\n\n<div style=\"height:25px\" aria-hidden=\"true\" class=\"wp-block-spacer\"><\/div>\n\n\n\n<h3 class=\"wp-block-heading\">OSNOVNI PODACI<\/h3>\n\n\n\n<p>Naziv tvrtke: Monterra d.o.o.<\/p>\n\n\n\n<p>Sjedi\u0161te tvrtke: Drage \u0160\u0107itara 34, 51000 Rijeka<\/p>\n\n\n\n<p>OIB: 03430970424<\/p>\n\n\n\n<p>MB: 02773058<\/p>\n\n\n\n<p>MBS: 040212615<\/p>\n\n\n\n<p>IBAN: Raiffeisenbank Austria d.d., Zagreb: HR1724840081106421716 \/ SWIFT: RZBHHR2X<\/p>\n\n\n\n<p>DIREKTOR DRU\u0160TVA: Dalibor Udovi\u010d, zastupa dru\u0161tvo pojedina\u010dno i samostalno.<\/p>\n\n\n\n<p>REGISTRACIJA DRU\u0160TVA: Trgova\u010dki sud u Rijeci, 2011.godine, upisano pod brojem Tt-11\/2453-2.<\/p>\n\n\n\n<p>TEMELJNI KAPITAL: 1.520.000,00 kn upla\u0107en u cijelosti.<\/p>\n\n\n\n<div style=\"height:25px\" aria-hidden=\"true\" class=\"wp-block-spacer\"><\/div>\n\n\n\n<h3 class=\"wp-block-heading\">RIJEKA<\/h3>\n\n\n\n<p>Drage \u0160\u0107itara 34, 51000 Rijeka<\/p>\n\n\n\n<p>T: +385 51 279 851<\/p>\n\n\n\n<div style=\"height:25px\" aria-hidden=\"true\" class=\"wp-block-spacer\"><\/div>\n\n\n\n<h3 class=\"wp-block-heading\">SAMOBOR<\/h3>\n\n\n\n<p>Adresa: Svetonedeljska 19a, 10430 Samobor<\/p>\n\n\n\n<p>T: +385 1 6535 355<\/p>\n\n\n\n<div style=\"height:25px\" aria-hidden=\"true\" class=\"wp-block-spacer\"><\/div>\n\n\n\n<h3 class=\"wp-block-heading\">OGULIN<\/h3>\n\n\n\n<p>Poduzetni\u010dka zona Ogulin \u2013 Otok O\u0161tarski 4H, 47300 Otok O\u0161tarski<\/p>\n\n\n\n<p>T: +385 51 279 851<\/p>\n<\/div>\n\n\n\n<div class=\"wp-block-column is-layout-flow wp-block-column-is-layout-flow\">\n<h2 class=\"wp-block-heading\">MTERRA, SLOVENIJA<\/h2>\n\n\n\n<p>MTERRA d.o.o. SLOVENIJA<\/p>\n\n\n\n<p>Dolenje pri Jel\u0161anah 62, 6254 Jel\u0161ane, Slovenija<\/p>\n\n\n\n<p>T: +386 22 524 509<\/p>\n\n\n\n<p>MATI\u010cNI BROJ: 9465758000<\/p>\n\n\n\n<p>POREZNI BROJ: 21246122<\/p>\n\n\n\n<p>DDV: SI21246122<\/p>\n\n\n\n<p>REGISTRACIJA: Okro\u017eno sodi\u0161\u010de Koper<\/p>\n\n\n\n<div style=\"height:25px\" aria-hidden=\"true\" class=\"wp-block-spacer\"><\/div>\n\n\n\n<h3 class=\"wp-block-heading\">MARIBOR<\/h3>\n\n\n\n<p>Jezdarska ulica 3, 2000 Maribor<\/p>\n\n\n\n<p>T: +386 2 252 45 09<\/p>\n\n\n\n<div style=\"height:25px\" aria-hidden=\"true\" class=\"wp-block-spacer\"><\/div>\n\n\n\n<h3 class=\"wp-block-heading\">OGRANAK BEOGRAD \u2013 ZEMUN<\/h3>\n\n\n\n<p>Adresa: Stevana Markovi\u0107a 8, 11080 Beograd \u2013 Zemun, Srbija<\/p>\n\n\n\n<p>T: +385 99 471 2983<\/p>\n<\/div>\n<\/div>\n\n<div class=\"wp-block-group\"><div class=\"wp-block-group__inner-container is-layout-constrained wp-block-group-is-layout-constrained\">\n<div class=\"open-user-map\">\n\n  \n  \n<div class=\"box-wrap map-size-default \">\n  \n  <div class=\"map-wrap\">\n    <div class=\"oum-loading-overlay\">\n      <div class=\"oum-loading-spinner\"><\/div>\n    <\/div>\n    <div id=\"map-20210929\" class=\"leaflet-map map-style_Esri.WorldStreetMap\"><\/div>\n    \n    \n    \n    \n    \n    \n    <script type=\"text\/javascript\" id=\"oum-inline-js\" \n      data-category=\"functional\" \n      class=\"cmplz-native\" \n      data-minify=\"0\"\n      data-no-optimize=\"1\"\n      data-no-defer=\"1\"\n      data-no-combine=\"1\"\n      data-cfasync=\"false\"\n      data-pagespeed-no-defer\n      data-boot=\"1\">\n      var map_el = `map-20210929`;\n\n      if(document.getElementById(map_el)) {\n        \/* Transfer PHP array to JS json *\/\n        var oum_all_locations = [{\"title\":\"Beograd\",\"lat\":\"44.8222184\",\"lng\":\"20.4183807\",\"content\":\"\\u003Cdiv class=\\u0022oum_location_text\\u0022\\u003E\\u003Cdiv class=\\u0022oum_location_address\\u0022\\u003E\\u003Ca title=\\u0022go to Google Maps\\u0022 href=\\u0022https:\/\/www.google.com\/maps\/search\/?api=1\\u0026amp;query=44.8222184%2C20.4183807\\u0022 target=\\u0022_blank\\u0022\\u003EGlej ve\\u010d\\u003C\/a\\u003E\\u003C\/div\\u003E\\u003Ch3 class=\\u0022oum_location_name\\u0022\\u003EBeograd\\u003C\/h3\\u003E\\u003Cdiv class=\\u0022oum_location_description\\u0022\\u003EBulevar Mihajla Pupina 10V\/II\\u003Cbr\\u003E118 Beograd\\u003Cbr\\u003E11080 Srbija\\u003C\/div\\u003E\\u003C\/div\\u003E\\u003Cdiv style=\\u0022display: none\\u0022\\u003Ebeograd\\u003C\/div\\u003E\",\"icon\":\"https:\/\/monterra.hr\/wp-content\/plugins\/open-user-map\/src\/leaflet\/images\/marker-icon_custom4-2x.png\",\"types\":[],\"post_id\":\"455\",\"address\":\"Glej ve\\u010d\",\"text\":\"Bulevar Mihajla Pupina 10V\/II\\u003Cbr\\u003E118 Beograd\\u003Cbr\\u003E11080 Srbija\",\"image\":\"\",\"audio\":\"\",\"video\":\"\",\"custom_fields\":[]},{\"title\":\"Maribor\",\"lat\":\"46.5514092\",\"lng\":\"15.6406935\",\"content\":\"\\u003Cdiv class=\\u0022oum_location_text\\u0022\\u003E\\u003Cdiv class=\\u0022oum_location_address\\u0022\\u003E\\u003Ca title=\\u0022go to Google Maps\\u0022 href=\\u0022https:\/\/www.google.com\/maps\/search\/?api=1\\u0026amp;query=46.5514092%2C15.6406935\\u0022 target=\\u0022_blank\\u0022\\u003EGlej ve\\u010d\\u003C\/a\\u003E\\u003C\/div\\u003E\\u003Ch3 class=\\u0022oum_location_name\\u0022\\u003EMaribor\\u003C\/h3\\u003E\\u003Cdiv class=\\u0022oum_location_description\\u0022\\u003EJezdarska ulica 3\\u003Cbr\\u003E2000 Maribor\\u003Cbr\\u003ESlovenia\\u003C\/div\\u003E\\u003C\/div\\u003E\\u003Cdiv style=\\u0022display: none\\u0022\\u003Emaribor\\u003C\/div\\u003E\",\"icon\":\"https:\/\/monterra.hr\/wp-content\/plugins\/open-user-map\/src\/leaflet\/images\/marker-icon_custom4-2x.png\",\"types\":[],\"post_id\":\"456\",\"address\":\"Glej ve\\u010d\",\"text\":\"Jezdarska ulica 3\\u003Cbr\\u003E2000 Maribor\\u003Cbr\\u003ESlovenia\",\"image\":\"\",\"audio\":\"\",\"video\":\"\",\"custom_fields\":[]},{\"title\":\"Jel\\u0161ane\",\"lat\":\"45.5088705\",\"lng\":\"14.2595842\",\"content\":\"\\u003Cdiv class=\\u0022oum_location_text\\u0022\\u003E\\u003Cdiv class=\\u0022oum_location_address\\u0022\\u003E\\u003Ca title=\\u0022go to Google Maps\\u0022 href=\\u0022https:\/\/www.google.com\/maps\/search\/?api=1\\u0026amp;query=45.5088705%2C14.2595842\\u0022 target=\\u0022_blank\\u0022\\u003EGlej ve\\u010d\\u003C\/a\\u003E\\u003C\/div\\u003E\\u003Ch3 class=\\u0022oum_location_name\\u0022\\u003EJel\\u0161ane\\u003C\/h3\\u003E\\u003Cdiv class=\\u0022oum_location_description\\u0022\\u003EDolenje pri Jel\\u0161anah 62\\u003Cbr\\u003E6254 Jel\\u0161ane\\u003Cbr\\u003ESlovenia\\u003C\/div\\u003E\\u003C\/div\\u003E\\u003Cdiv style=\\u0022display: none\\u0022\\u003Ejelsane\\u003C\/div\\u003E\",\"icon\":\"https:\/\/monterra.hr\/wp-content\/plugins\/open-user-map\/src\/leaflet\/images\/marker-icon_custom4-2x.png\",\"types\":[],\"post_id\":\"457\",\"address\":\"Glej ve\\u010d\",\"text\":\"Dolenje pri Jel\\u0161anah 62\\u003Cbr\\u003E6254 Jel\\u0161ane\\u003Cbr\\u003ESlovenia\",\"image\":\"\",\"audio\":\"\",\"video\":\"\",\"custom_fields\":[]},{\"title\":\"Ogulin\",\"lat\":\"45.237782\",\"lng\":\"15.2596306\",\"content\":\"\\u003Cdiv class=\\u0022oum_location_text\\u0022\\u003E\\u003Cdiv class=\\u0022oum_location_address\\u0022\\u003E\\u003Ca title=\\u0022go to Google Maps\\u0022 href=\\u0022https:\/\/www.google.com\/maps\/search\/?api=1\\u0026amp;query=45.237782%2C15.2596306\\u0022 target=\\u0022_blank\\u0022\\u003EGlej ve\\u010d\\u003C\/a\\u003E\\u003C\/div\\u003E\\u003Ch3 class=\\u0022oum_location_name\\u0022\\u003EOgulin\\u003C\/h3\\u003E\\u003Cdiv class=\\u0022oum_location_description\\u0022\\u003EOtok O\\u0161tarski 4H\\u003Cbr\\u003E47300 Ogulin\\u003Cbr\\u003EHrva\\u0161ka\\u003C\/div\\u003E\\u003C\/div\\u003E\\u003Cdiv style=\\u0022display: none\\u0022\\u003Eogulin\\u003C\/div\\u003E\",\"icon\":\"https:\/\/monterra.hr\/wp-content\/plugins\/open-user-map\/src\/leaflet\/images\/marker-icon_custom4-2x.png\",\"types\":[],\"post_id\":\"458\",\"address\":\"Glej ve\\u010d\",\"text\":\"Otok O\\u0161tarski 4H\\u003Cbr\\u003E47300 Ogulin\\u003Cbr\\u003EHrva\\u0161ka\",\"image\":\"\",\"audio\":\"\",\"video\":\"\",\"custom_fields\":[]},{\"title\":\"Samobor\",\"lat\":\"45.7991292\",\"lng\":\"15.7253852\",\"content\":\"\\u003Cdiv class=\\u0022oum_location_text\\u0022\\u003E\\u003Cdiv class=\\u0022oum_location_address\\u0022\\u003E\\u003Ca title=\\u0022go to Google Maps\\u0022 href=\\u0022https:\/\/www.google.com\/maps\/search\/?api=1\\u0026amp;query=45.7991292%2C15.7253852\\u0022 target=\\u0022_blank\\u0022\\u003EGlej ve\\u010d\\u003C\/a\\u003E\\u003C\/div\\u003E\\u003Ch3 class=\\u0022oum_location_name\\u0022\\u003ESamobor\\u003C\/h3\\u003E\\u003Cdiv class=\\u0022oum_location_description\\u0022\\u003ESvetonedeljska 19a\\u003Cbr\\u003E10430 Samobor\\u003Cbr\\u003EHrva\\u0161ka\\u003C\/div\\u003E\\u003C\/div\\u003E\\u003Cdiv style=\\u0022display: none\\u0022\\u003Esamobor\\u003C\/div\\u003E\",\"icon\":\"https:\/\/monterra.hr\/wp-content\/plugins\/open-user-map\/src\/leaflet\/images\/marker-icon_custom4-2x.png\",\"types\":[],\"post_id\":\"459\",\"address\":\"Glej ve\\u010d\",\"text\":\"Svetonedeljska 19a\\u003Cbr\\u003E10430 Samobor\\u003Cbr\\u003EHrva\\u0161ka\",\"image\":\"\",\"audio\":\"\",\"video\":\"\",\"custom_fields\":[]},{\"title\":\"Rijeka\",\"lat\":\"45.3281989\",\"lng\":\"14.4593571\",\"content\":\"\\u003Cdiv class=\\u0022oum_location_text\\u0022\\u003E\\u003Cdiv class=\\u0022oum_location_address\\u0022\\u003E\\u003Ca title=\\u0022go to Google Maps\\u0022 href=\\u0022https:\/\/www.google.com\/maps\/search\/?api=1\\u0026amp;query=45.3281989%2C14.4593571\\u0022 target=\\u0022_blank\\u0022\\u003EGlej ve\\u010d\\u003C\/a\\u003E\\u003C\/div\\u003E\\u003Ch3 class=\\u0022oum_location_name\\u0022\\u003ERijeka\\u003C\/h3\\u003E\\u003Cdiv class=\\u0022oum_location_description\\u0022\\u003EDrage \\u0160\\u0107itara 34\\u003Cbr\\u003E51000 Rijeka\\u003Cbr\\u003EHrva\\u0161ka\\u003C\/div\\u003E\\u003C\/div\\u003E\\u003Cdiv style=\\u0022display: none\\u0022\\u003Erijeka\\u003C\/div\\u003E\",\"icon\":\"https:\/\/monterra.hr\/wp-content\/plugins\/open-user-map\/src\/leaflet\/images\/marker-icon_custom4-2x.png\",\"types\":[],\"post_id\":\"460\",\"address\":\"Glej ve\\u010d\",\"text\":\"Drage \\u0160\\u0107itara 34\\u003Cbr\\u003E51000 Rijeka\\u003Cbr\\u003EHrva\\u0161ka\",\"image\":\"\",\"audio\":\"\",\"video\":\"\",\"custom_fields\":[]}];\n\n        \/\/ Wait for OUMLoader to be defined\n        function initializeMap() {\n          if (typeof OUMLoader !== 'undefined') {\n            \/\/ Initialize loader for this map\n            OUMLoader.initLoader(map_el);\n\n            \/\/ Add event listener for map initialization complete\n            document.addEventListener('oum:map_initialized', function(e) {\n              if (e.detail.mapId === map_el) {\n                OUMLoader.setMapInitialized(map_el);\n              }\n            });\n          } else {\n            \/\/ If OUMLoader is not yet defined, wait and try again\n            setTimeout(initializeMap, 100);\n          }\n        }\n\n        \/\/ Start initialization\n        initializeMap();\n\n        var mapStyle = `Esri.WorldStreetMap`;\n        var oum_tile_provider_mapbox_key = ``;\n        var marker_icon_url = `https:\/\/monterra.hr\/wp-content\/plugins\/open-user-map\/src\/leaflet\/images\/marker-icon_custom4-2x.png`;\n        var marker_shadow_url = `https:\/\/monterra.hr\/wp-content\/plugins\/open-user-map\/src\/leaflet\/images\/marker-shadow.png`;\n        var oum_enable_scrollwheel_zoom_map = true;\n        var oum_enable_cluster = true;\n        var oum_enable_fullscreen = false;\n\n        var oum_enable_searchbar = false;\n        var oum_searchbar_type = `address`;\n\n        var oum_geosearch_selected_provider = ``; \n        var oum_geosearch_provider = `osm`;\n        var oum_geosearch_provider_geoapify_key = ``;\n        var oum_geosearch_provider_here_key = ``;\n        var oum_geosearch_provider_mapbox_key = ``;\n        \n        var oum_enable_searchaddress_button = false;\n        var oum_searchaddress_label = `Search for address`;\n\n        var oum_enable_searchmarkers_button = false;\n        var oum_searchmarkers_label = `Find marker`;\n        var oum_searchmarkers_zoom = `8`;\n\n        var oum_enable_currentlocation = false;\n        var oum_action_after_submit = `text`;\n        var thankyou_redirect = ``;\n        var start_lat = Number(45.465678889559);\n        var start_lng = Number(17.692969126852);\n        var start_zoom = Number(6.5);\n        \n        var oum_enable_fixed_map_bounds = `on`;\n        var oum_use_settings_start_location = true;\n        var oum_has_regions = false;\n        var oum_enable_multiple_marker_types = `false`;\n\n        var oum_location = {};\n        var oum_custom_css = '';\n        var oum_custom_script = '';\n        var oum_max_image_filesize = 10;\n        var oumMap;\n        var oumMap2;\n\n        \/**\n         * Conditional Field Feature\n         * \n         * @param {string} sourceField - The source field selector\n         * @param {string} targetField - The target field selector\n         * @param {array} condShow - The values that should show the target field\n         * @param {array} condHide - The values that should hide the target field\n         *\/\n        var oumConditionalField = (sourceField, targetField, condShow, condHide) => {\n            const sourceElements = document.querySelectorAll(sourceField); \/\/ Select all radios\/checkboxes or single select\n            const targetElementWrapper = document.querySelector(targetField)?.parentElement; \/* works with custom fields only *\/\n\n            \/\/ Check if both sourceElements and targetElementWrapper exist\n            if (!sourceElements.length) {\n                console.warn(`OUM: Source field(s) not found: ${sourceField}`);\n                return;\n            }\n\n            if (!targetElementWrapper) {\n                console.warn(`OUM: Target field wrapper not found: ${targetField}`);\n                return;\n            }\n\n            \/* Event listener for change *\/\n            const onChangeHandler = function() {\n                \/\/ Get selected values for checkboxes and single selected value for radios\/select\n                const selectedValues = Array.from(sourceElements)\n                    .filter(element => element.checked || element.tagName === 'SELECT')\n                    .map(element => element.value);\n\n                const selectedValue = selectedValues[0]; \/\/ For radios and selects, we use only the first (and only) value\n\n                console.log('OUM: run condition', {selectedValue, sourceField, targetField, condShow, condHide});\n                \n                \/\/ Show or hide target field based on the selected value(s)\n                if (condShow.includes(selectedValue)) {\n                    targetElementWrapper.style.display = 'block';\n                } else if (condHide.includes(selectedValue)) {\n                    targetElementWrapper.style.display = 'none';\n                }\n            };\n\n            \/* Attach the event listener to each radio\/checkbox or select *\/\n            sourceElements.forEach(element => {\n                element.addEventListener('change', onChangeHandler);\n            });\n\n            \/* Trigger initially *\/\n            onChangeHandler(); \/\/ Call it directly to set initial state\n        };\n\n        \/**\n         * Add Custom Styles\n         *\/\n        \n        \n          \/* custom color *\/\n          oum_custom_css += `\n            .open-user-map .add-location #close-add-location-overlay:hover {color: #e02aaf !important}\n            .open-user-map .box-wrap .map-wrap .oum-filter-controls .oum-filter-list .close-filter-list:hover {color: #e02aaf !important}\n            .open-user-map input.oum-switch[type=\"checkbox\"]:checked + label::before {background-color: #e02aaf !important}\n            .open-user-map .add-location .location-overlay-content #oum_add_location_thankyou h3 {color: #e02aaf !important}\n            .open-user-map .oum_location_text a {color: #e02aaf !important}\n            .open-user-map .oum-tabs {border-color: #e02aaf !important}\n            .open-user-map .oum-tabs .nav-item:hover {color: #e02aaf !important; border-color: #e02aaf !important}\n            .open-user-map .oum-tabs .nav-item.active {color: #e02aaf !important; border-color: #e02aaf !important}\n            .open-user-map .box-wrap .map-wrap .oum-attribution a {color: #e02aaf !important;}\n            \/* Message CTA Buttons *\/\n            .open-user-map .add-location .location-overlay-content #oum_add_location_thankyou button {background-color: #e02aaf !important; border-color: #e02aaf !important;}\n            .open-user-map .add-location .location-overlay-content .oum-delete-confirmation button {background-color: #e02aaf !important; border-color: #e02aaf !important;}\n            \/* Media Section Colors *\/\n            .open-user-map .add-location .location-overlay-content #oum_add_location .oum_media .media-upload label {color: #e02aaf !important}\n            .open-user-map .add-location .location-overlay-content #oum_add_location .oum_media .oum-image-upload .media-upload-top label .multi-upload-indicator {background: #e02aaf !important}\n            .open-user-map .add-location .location-overlay-content #oum_add_location .oum_media .oum-video-upload input[type=text]:hover {border-color: #e02aaf !important}\n            .open-user-map .add-location .location-overlay-content #oum_add_location .oum_media .oum-video-upload input[type=text]:focus {border-color: #e02aaf !important; box-shadow: 0 0 0 2px #e02aaf1a !important}\n            .open-user-map .add-location .location-overlay-content #oum_add_location .oum_media .image-preview-placeholder {border-color: #e02aaf !important; background: #e02aaf0a !important}\n            .open-user-map .add-location .location-overlay-content #oum_add_location .oum_media .oum-image-preview-grid .image-preview-item.dragging {border-color: #e02aaf !important}`;\n\n        \n        \n          \/* custom map height *\/\n          oum_custom_css += `\n            .open-user-map .box-wrap > .map-wrap {padding: 0 !important; height: 500px !important; aspect-ratio: unset !important;}`;\n\n        \n        \n          \/* custom map height *\/\n          oum_custom_css += `\n            @media screen and (max-width: 768px) {.open-user-map .box-wrap > .map-wrap {padding: 0 !important; height: 500px !important; aspect-ratio: unset !important;}}`;\n\n        \n        var custom_style = document.createElement('style');\n\n        if (custom_style.styleSheet) {\n          custom_style.styleSheet.cssText = oum_custom_css;\n        } else {\n          custom_style.appendChild(document.createTextNode(oum_custom_css));\n        }\n\n        document.getElementsByTagName('head')[0].appendChild(custom_style);\n\n        \/* Add initial CSS to prevent flash of unstyled content *\/\n        var initialStyles = document.createElement('style');\n        initialStyles.textContent = `\n          .oum-hidden {\n            opacity: 0 !important;\n            visibility: hidden !important;\n            transition: opacity 0.3s ease, visibility 0.3s ease;\n          }\n          .oum-filter-controls,\n          .open-add-location-overlay,\n          #oum_filter_markers {\n            opacity: 0;\n            visibility: hidden;\n            transition: opacity 0.3s ease, visibility 0.3s ease;\n          }\n          .oum-filter-controls.visible,\n          .open-add-location-overlay.visible,\n          #oum_filter_markers.visible {\n            opacity: 1;\n            visibility: visible;\n          }\n        `;\n        document.head.appendChild(initialStyles);\n\n      }\n    <\/script>\n\n  <\/div>\n\n<\/div>\n\n<\/div>\n<\/div><\/div>\n","protected":false},"excerpt":{"rendered":"<p>Kontakt Imate dodatno pitanje ili \u017eelite saznati vi\u0161e o na\u0161im uslugama? Kontaktirajte nas ve\u0107 sada! UPRAVA Generalni direktor: Dalibor Udovi\u010d, mag.ing.aedif Prokurist: Kre\u0161imir Kre\u0161i\u0107, dipl.in\u017e.kem.tehn. OSNOVNI PODACI Naziv tvrtke: Monterra d.o.o. Sjedi\u0161te tvrtke: Drage \u0160\u0107itara 34, 51000 Rijeka OIB: 03430970424 MB: 02773058 MBS: 040212615 IBAN: Raiffeisenbank Austria d.d., Zagreb: HR1724840081106421716 \/ SWIFT: RZBHHR2X DIREKTOR DRU\u0160TVA: <\/p>\n<p class=\"p-0 mb-0\"><a class=\"btn btn-secondary px-0 mb-0 virtualna-read-more-link\" href=\"https:\/\/monterra.hr\/sl\/kontakt\/\">Preberi ve\u010d  &#8211; &#8211; ><span class=\"screen-reader-text\"> from Kontakt<\/span><\/a><\/p>\n","protected":false},"author":1,"featured_media":0,"parent":0,"menu_order":0,"comment_status":"closed","ping_status":"closed","template":"page-templates\/editor-title.php","meta":{"footnotes":""},"class_list":["post-452","page","type-page","status-publish","hentry"],"yoast_head":"<!-- This site is optimized with the Yoast SEO plugin v24.7 - https:\/\/yoast.com\/wordpress\/plugins\/seo\/ -->\n<title>Kontakt - Kontaktirajte Monterru - Stojimo vam na raspolaganju<\/title>\n<meta name=\"description\" content=\"Trebate vi\u0161e informacija? Kontaktirajte Monterru putem telefona, e-maila ili obrasca na stranici. Tu smo za sva va\u0161a pitanja!\" \/>\n<meta name=\"robots\" content=\"index, follow, max-snippet:-1, max-image-preview:large, max-video-preview:-1\" \/>\n<link rel=\"canonical\" href=\"https:\/\/monterra.hr\/sl\/kontakt\/\" \/>\n<meta property=\"og:locale\" content=\"sl_SI\" \/>\n<meta property=\"og:type\" content=\"article\" \/>\n<meta property=\"og:title\" content=\"Kontakt - Kontaktirajte Monterru - Stojimo vam na raspolaganju\" \/>\n<meta property=\"og:description\" content=\"Trebate vi\u0161e informacija? Kontaktirajte Monterru putem telefona, e-maila ili obrasca na stranici. Tu smo za sva va\u0161a pitanja!\" \/>\n<meta property=\"og:url\" content=\"https:\/\/monterra.hr\/sl\/kontakt\/\" \/>\n<meta property=\"og:site_name\" content=\"Monterra\" \/>\n<meta property=\"article:modified_time\" content=\"2025-03-27T07:43:24+00:00\" \/>\n<meta property=\"og:image\" content=\"https:\/\/monterra.hr\/wp-content\/uploads\/2025\/02\/monterra-djelatnici.jpg\" \/>\n<meta name=\"twitter:card\" content=\"summary_large_image\" \/>\n<meta name=\"twitter:label1\" content=\"Est. reading time\" \/>\n\t<meta name=\"twitter:data1\" content=\"1 minuta\" \/>\n<script type=\"application\/ld+json\" class=\"yoast-schema-graph\">{\"@context\":\"https:\/\/schema.org\",\"@graph\":[{\"@type\":\"WebPage\",\"@id\":\"https:\/\/monterra.hr\/sl\/kontakt\/\",\"url\":\"https:\/\/monterra.hr\/sl\/kontakt\/\",\"name\":\"Kontakt - Kontaktirajte Monterru - Stojimo vam na raspolaganju\",\"isPartOf\":{\"@id\":\"https:\/\/monterra.hr\/sl\/#website\"},\"primaryImageOfPage\":{\"@id\":\"https:\/\/monterra.hr\/sl\/kontakt\/#primaryimage\"},\"image\":{\"@id\":\"https:\/\/monterra.hr\/sl\/kontakt\/#primaryimage\"},\"thumbnailUrl\":\"https:\/\/monterra.hr\/wp-content\/uploads\/2025\/02\/monterra-djelatnici.jpg\",\"datePublished\":\"2025-02-14T13:22:01+00:00\",\"dateModified\":\"2025-03-27T07:43:24+00:00\",\"description\":\"Trebate vi\u0161e informacija? Kontaktirajte Monterru putem telefona, e-maila ili obrasca na stranici. Tu smo za sva va\u0161a pitanja!\",\"breadcrumb\":{\"@id\":\"https:\/\/monterra.hr\/sl\/kontakt\/#breadcrumb\"},\"inLanguage\":\"sl-SI\",\"potentialAction\":[{\"@type\":\"ReadAction\",\"target\":[\"https:\/\/monterra.hr\/sl\/kontakt\/\"]}]},{\"@type\":\"ImageObject\",\"inLanguage\":\"sl-SI\",\"@id\":\"https:\/\/monterra.hr\/sl\/kontakt\/#primaryimage\",\"url\":\"https:\/\/monterra.hr\/wp-content\/uploads\/2025\/02\/monterra-djelatnici.jpg\",\"contentUrl\":\"https:\/\/monterra.hr\/wp-content\/uploads\/2025\/02\/monterra-djelatnici.jpg\"},{\"@type\":\"BreadcrumbList\",\"@id\":\"https:\/\/monterra.hr\/sl\/kontakt\/#breadcrumb\",\"itemListElement\":[{\"@type\":\"ListItem\",\"position\":1,\"name\":\"Po\u010detna stranica\",\"item\":\"https:\/\/monterra.hr\/sl\/\"},{\"@type\":\"ListItem\",\"position\":2,\"name\":\"Kontakt\"}]},{\"@type\":\"WebSite\",\"@id\":\"https:\/\/monterra.hr\/sl\/#website\",\"url\":\"https:\/\/monterra.hr\/sl\/\",\"name\":\"Monterra\",\"description\":\"Prvi korak stabilnosti\",\"publisher\":{\"@id\":\"https:\/\/monterra.hr\/sl\/#organization\"},\"potentialAction\":[{\"@type\":\"SearchAction\",\"target\":{\"@type\":\"EntryPoint\",\"urlTemplate\":\"https:\/\/monterra.hr\/sl\/?s={search_term_string}\"},\"query-input\":{\"@type\":\"PropertyValueSpecification\",\"valueRequired\":true,\"valueName\":\"search_term_string\"}}],\"inLanguage\":\"sl-SI\"},{\"@type\":\"Organization\",\"@id\":\"https:\/\/monterra.hr\/sl\/#organization\",\"name\":\"Monterra\",\"url\":\"https:\/\/monterra.hr\/sl\/\",\"logo\":{\"@type\":\"ImageObject\",\"inLanguage\":\"sl-SI\",\"@id\":\"https:\/\/monterra.hr\/sl\/#\/schema\/logo\/image\/\",\"url\":\"https:\/\/monterra.hr\/wp-content\/uploads\/2025\/02\/logo.png\",\"contentUrl\":\"https:\/\/monterra.hr\/wp-content\/uploads\/2025\/02\/logo.png\",\"width\":300,\"height\":42,\"caption\":\"Monterra\"},\"image\":{\"@id\":\"https:\/\/monterra.hr\/sl\/#\/schema\/logo\/image\/\"}}]}<\/script>\n<!-- \/ Yoast SEO plugin. -->","yoast_head_json":{"title":"Kontakt - Kontaktirajte Monterru - Stojimo vam na raspolaganju","description":"Trebate vi\u0161e informacija? Kontaktirajte Monterru putem telefona, e-maila ili obrasca na stranici. Tu smo za sva va\u0161a pitanja!","robots":{"index":"index","follow":"follow","max-snippet":"max-snippet:-1","max-image-preview":"max-image-preview:large","max-video-preview":"max-video-preview:-1"},"canonical":"https:\/\/monterra.hr\/sl\/kontakt\/","og_locale":"sl_SI","og_type":"article","og_title":"Kontakt - Kontaktirajte Monterru - Stojimo vam na raspolaganju","og_description":"Trebate vi\u0161e informacija? Kontaktirajte Monterru putem telefona, e-maila ili obrasca na stranici. Tu smo za sva va\u0161a pitanja!","og_url":"https:\/\/monterra.hr\/sl\/kontakt\/","og_site_name":"Monterra","article_modified_time":"2025-03-27T07:43:24+00:00","og_image":[{"url":"https:\/\/monterra.hr\/wp-content\/uploads\/2025\/02\/monterra-djelatnici.jpg","type":"","width":"","height":""}],"twitter_card":"summary_large_image","twitter_misc":{"Est. reading time":"1 minuta"},"schema":{"@context":"https:\/\/schema.org","@graph":[{"@type":"WebPage","@id":"https:\/\/monterra.hr\/sl\/kontakt\/","url":"https:\/\/monterra.hr\/sl\/kontakt\/","name":"Kontakt - Kontaktirajte Monterru - Stojimo vam na raspolaganju","isPartOf":{"@id":"https:\/\/monterra.hr\/sl\/#website"},"primaryImageOfPage":{"@id":"https:\/\/monterra.hr\/sl\/kontakt\/#primaryimage"},"image":{"@id":"https:\/\/monterra.hr\/sl\/kontakt\/#primaryimage"},"thumbnailUrl":"https:\/\/monterra.hr\/wp-content\/uploads\/2025\/02\/monterra-djelatnici.jpg","datePublished":"2025-02-14T13:22:01+00:00","dateModified":"2025-03-27T07:43:24+00:00","description":"Trebate vi\u0161e informacija? Kontaktirajte Monterru putem telefona, e-maila ili obrasca na stranici. Tu smo za sva va\u0161a pitanja!","breadcrumb":{"@id":"https:\/\/monterra.hr\/sl\/kontakt\/#breadcrumb"},"inLanguage":"sl-SI","potentialAction":[{"@type":"ReadAction","target":["https:\/\/monterra.hr\/sl\/kontakt\/"]}]},{"@type":"ImageObject","inLanguage":"sl-SI","@id":"https:\/\/monterra.hr\/sl\/kontakt\/#primaryimage","url":"https:\/\/monterra.hr\/wp-content\/uploads\/2025\/02\/monterra-djelatnici.jpg","contentUrl":"https:\/\/monterra.hr\/wp-content\/uploads\/2025\/02\/monterra-djelatnici.jpg"},{"@type":"BreadcrumbList","@id":"https:\/\/monterra.hr\/sl\/kontakt\/#breadcrumb","itemListElement":[{"@type":"ListItem","position":1,"name":"Po\u010detna stranica","item":"https:\/\/monterra.hr\/sl\/"},{"@type":"ListItem","position":2,"name":"Kontakt"}]},{"@type":"WebSite","@id":"https:\/\/monterra.hr\/sl\/#website","url":"https:\/\/monterra.hr\/sl\/","name":"Monterra","description":"Prvi korak stabilnosti","publisher":{"@id":"https:\/\/monterra.hr\/sl\/#organization"},"potentialAction":[{"@type":"SearchAction","target":{"@type":"EntryPoint","urlTemplate":"https:\/\/monterra.hr\/sl\/?s={search_term_string}"},"query-input":{"@type":"PropertyValueSpecification","valueRequired":true,"valueName":"search_term_string"}}],"inLanguage":"sl-SI"},{"@type":"Organization","@id":"https:\/\/monterra.hr\/sl\/#organization","name":"Monterra","url":"https:\/\/monterra.hr\/sl\/","logo":{"@type":"ImageObject","inLanguage":"sl-SI","@id":"https:\/\/monterra.hr\/sl\/#\/schema\/logo\/image\/","url":"https:\/\/monterra.hr\/wp-content\/uploads\/2025\/02\/logo.png","contentUrl":"https:\/\/monterra.hr\/wp-content\/uploads\/2025\/02\/logo.png","width":300,"height":42,"caption":"Monterra"},"image":{"@id":"https:\/\/monterra.hr\/sl\/#\/schema\/logo\/image\/"}}]}},"_links":{"self":[{"href":"https:\/\/monterra.hr\/sl\/wp-json\/wp\/v2\/pages\/452","targetHints":{"allow":["GET"]}}],"collection":[{"href":"https:\/\/monterra.hr\/sl\/wp-json\/wp\/v2\/pages"}],"about":[{"href":"https:\/\/monterra.hr\/sl\/wp-json\/wp\/v2\/types\/page"}],"author":[{"embeddable":true,"href":"https:\/\/monterra.hr\/sl\/wp-json\/wp\/v2\/users\/1"}],"replies":[{"embeddable":true,"href":"https:\/\/monterra.hr\/sl\/wp-json\/wp\/v2\/comments?post=452"}],"version-history":[{"count":1,"href":"https:\/\/monterra.hr\/sl\/wp-json\/wp\/v2\/pages\/452\/revisions"}],"predecessor-version":[{"id":454,"href":"https:\/\/monterra.hr\/sl\/wp-json\/wp\/v2\/pages\/452\/revisions\/454"}],"wp:attachment":[{"href":"https:\/\/monterra.hr\/sl\/wp-json\/wp\/v2\/media?parent=452"}],"curies":[{"name":"wp","href":"https:\/\/api.w.org\/{rel}","templated":true}]}}